{"id":18315,"date":"2024-03-21T15:10:10","date_gmt":"2024-03-21T14:10:10","guid":{"rendered":"https:\/\/www.elevhalsan.se\/vardnadshavare2\/?post_type=aktuellt_foraldrar&#038;p=18315"},"modified":"2024-03-21T15:10:38","modified_gmt":"2024-03-21T14:10:38","slug":"julen-ar-inte-alltid-barnens-hogtid","status":"publish","type":"aktuellt_foraldrar","link":"https:\/\/www.elevhalsan.se\/vardnadshavare\/aktuellt\/julen-ar-inte-alltid-barnens-hogtid\/","title":{"rendered":"Julen \u00e4r inte alltid barnens h\u00f6gtid"},"content":{"rendered":"\n<p><strong>Vi vet att julen \u00e4r en fin och v\u00e4lbeh\u00f6vlig h\u00f6gtid f\u00f6r m\u00e5nga unga och gamla. H\u00e4r ges en l\u00e5ng paus fr\u00e5n skolan, m\u00f6jlighet att umg\u00e5s med familj, sl\u00e4kt och v\u00e4nner samt en ut\u00f6kad fritid. Men vi vet att julen ocks\u00e5 kan inneb\u00e4ra ett helvete av samma anledningar f\u00f6r en del barn och unga.<\/strong><\/p>\n\n\n\n<p>Att vara ledig fr\u00e5n skolan en l\u00e4ngre tid kan inneb\u00e4ra att du kanske m\u00e5ste umg\u00e5s med en f\u00f6r\u00e4lder som sl\u00e5r eller \u00e4r allvarligt sjuk. En mamma eller pappa som dricker f\u00f6r mycket, eller som kanske sitter i f\u00e4ngelse. Att pengarna i familjen inte r\u00e4cker till mat, och \u00e4n mindre till julklappar. Det finns ocks\u00e5 yttre faktorer som kan p\u00e5verka tillvaron negativt. Barnets idrottsf\u00f6rening kanske tar ett l\u00e5ngt juluppeh\u00e5ll. G\u00e4nget som h\u00e4rjar i grannskapet kanske blir \u00e4nnu mer n\u00e4rvarande. Anledningarna kan vara m\u00e5nga, men uppenbart \u00e4r att de barn och ungdomar som far illa f\u00f6rtj\u00e4nar att lyftas och skyddas s\u00e5 mycket det g\u00e5r.<\/p>\n\n\n\n<p>Som elevh\u00e4lsopersonal kan du inte g\u00f6ra mycket utanf\u00f6r skolan. Men d\u00e4remot kan du och vi tillsammans jobba preventivt dagarna innan jul. Det g\u00e5r att lyfta \u00e4mnet med annan skolpersonal \u2013 kanske diskutera med eleverna i klassrummet f\u00f6r att medvetandeg\u00f6ra att det finns de som har det sv\u00e5rt. Det g\u00e5r ocks\u00e5 att kontakta socialtj\u00e4nsten och h\u00f6ra vad de kan g\u00f6ra under julhelgerna d\u00e5 skolan \u00e4r st\u00e4ngd. Ett annat f\u00f6rslag \u00e4r att n\u00e4tverka med kommunen, det lokala f\u00f6reningslivet, fritidsg\u00e5rdarna och andra instanser som t ex kyrkor, scoutk\u00e5rer, bibliotek och liknande \u2013 hur h\u00e5ller de \u00f6ppet under julen, planerar de att g\u00f6ra n\u00e5gra extrainsatser och aktiviteter som v\u00e4nder sig mot barn och ungdomar? Det finns s\u00e4kert l\u00f6sningar och eldsj\u00e4lar n\u00e4ra din skola som g\u00f6r en positiv skillnad under julen. Tack f\u00f6r att du engagerar dig i fr\u00e5gan, och god jul!&nbsp;<\/p>\n\n\n\n<p><em>P.S. H\u00e4r kommer en lista med organisationer som kan hj\u00e4lpa och st\u00f6tta unga som har det sv\u00e5rt. Sprid den g\u00e4rna till din omgivning.<\/em><\/p>\n\n\n\n<h4 class=\"wp-block-heading\">Hj\u00e4lporganisationer f\u00f6r barn och unga<\/h4>\n\n\n\n<p><strong>BRIS<\/strong><\/p>\n\n\n\n<p>F\u00f6r dig som \u00e4r under 18 \u00e5r och som beh\u00f6ver st\u00f6d. Alla kuratorer p\u00e5 Bris \u00e4r utbildade och vana att prata om k\u00e4nslor, tankar och hur du har det.&nbsp;<\/p>\n\n\n\n<p>Ring eller smsa dygnet runt till: 116&nbsp;111.&nbsp;<\/p>\n\n\n\n<p>P\u00e5 <a href=\"https:\/\/www.bris.se\/\" rel=\"nofollow noopener\" target=\"_blank\">bris.se<\/a> finns fler kontaktv\u00e4gar.<\/p>\n\n\n\n<p><strong>Maskrosbarn\u00a0<\/strong><\/p>\n\n\n\n<p>F\u00f6r unga 13-19 \u00e5r som har en f\u00f6r\u00e4lder med ett missbruk, som m\u00e5r psykiskt d\u00e5ligt eller som uts\u00e4tter dig f\u00f6r v\u00e5ld.\u00a0<a href=\"https:\/\/maskrosbarn.org\/\" rel=\"nofollow noopener\" target=\"_blank\">Klicka h\u00e4r f\u00f6r mer information. <\/a><\/p>\n\n\n\n<p><strong>Solrosen<\/strong><\/p>\n\n\n\n<p>Solrosen ger st\u00f6d till barn och unga som har eller har haft en frihetsber\u00f6vad familjemedlem. <a href=\"https:\/\/raddningsmissionen.se\/solrosen\" rel=\"nofollow noopener\" target=\"_blank\">https:\/\/raddningsmissionen.se\/solrosen<\/a><\/p>\n\n\n\n<p><strong>Minds sj\u00e4lvmordslinje<\/strong><\/p>\n\n\n\n<p>Beh\u00f6ver du prata med n\u00e5gon? Ring Minds sj\u00e4lvmordslinje.<br>Telefon: 90101, \u00f6ppet dygnet runt.<\/p>\n\n\n\n<p>Chat: <a href=\"https:\/\/mind.se\/chatt\/\" rel=\"nofollow noopener\" target=\"_blank\">https:\/\/mind.se\/chatt\/<\/a><\/p>\n\n\n\n<p>Vid akuta fall, ring alltid 112<\/p>\n","protected":false},"excerpt":{"rendered":"<p>Vi vet att julen \u00e4r en fin och v\u00e4lbeh\u00f6vlig h\u00f6gtid f\u00f6r m\u00e5nga unga och gamla. H\u00e4r ges en l\u00e5ng paus fr\u00e5n skolan, m\u00f6jlighet att umg\u00e5s med familj, sl\u00e4kt och v\u00e4nner samt en ut\u00f6kad fritid. Men vi vet att julen ocks\u00e5 kan inneb\u00e4ra ett helvete av samma anledningar f\u00f6r en del barn och unga. Att vara [&hellip;]<\/p>\n","protected":false},"featured_media":16055,"template":"","categories":[1,161],"tags":[186],"experts":[],"class_list":["post-18315","aktuellt_foraldrar","type-aktuellt_foraldrar","status-publish","has-post-thumbnail","hentry","category-aktuellt","category-foraldrar","tag-andts"],"acf":[],"_links":{"self":[{"href":"https:\/\/www.elevhalsan.se\/vardnadshavare\/wp-json\/wp\/v2\/aktuellt_foraldrar\/18315","targetHints":{"allow":["GET"]}}],"collection":[{"href":"https:\/\/www.elevhalsan.se\/vardnadshavare\/wp-json\/wp\/v2\/aktuellt_foraldrar"}],"about":[{"href":"https:\/\/www.elevhalsan.se\/vardnadshavare\/wp-json\/wp\/v2\/types\/aktuellt_foraldrar"}],"wp:featuredmedia":[{"embeddable":true,"href":"https:\/\/www.elevhalsan.se\/vardnadshavare\/wp-json\/wp\/v2\/media\/16055"}],"wp:attachment":[{"href":"https:\/\/www.elevhalsan.se\/vardnadshavare\/wp-json\/wp\/v2\/media?parent=18315"}],"wp:term":[{"taxonomy":"category","embeddable":true,"href":"https:\/\/www.elevhalsan.se\/vardnadshavare\/wp-json\/wp\/v2\/categories?post=18315"},{"taxonomy":"post_tag","embeddable":true,"href":"https:\/\/www.elevhalsan.se\/vardnadshavare\/wp-json\/wp\/v2\/tags?post=18315"},{"taxonomy":"experts","embeddable":true,"href":"https:\/\/www.elevhalsan.se\/vardnadshavare\/wp-json\/wp\/v2\/experts?post=18315"}],"curies":[{"name":"wp","href":"https:\/\/api.w.org\/{rel}","templated":true}]}}