{"id":15148,"date":"2023-07-06T16:19:52","date_gmt":"2023-07-06T14:19:52","guid":{"rendered":"https:\/\/www.elevhalsan.se\/vardnadshavare2\/?post_type=expertsvar_foraldrar&#038;p=15148"},"modified":"2023-07-06T16:19:52","modified_gmt":"2023-07-06T14:19:52","slug":"luciafotografering-i-skolan-i-kyrkan","status":"publish","type":"expertsvar_foraldrar","link":"https:\/\/www.elevhalsan.se\/vardnadshavare\/expertsvar-foraldrar\/luciafotografering-i-skolan-i-kyrkan\/","title":{"rendered":"Luciafotografering i skolan\/i kyrkan"},"content":{"rendered":"\n<p>Fr\u00e5ga:<\/p>\n\n\n\n<p>Hej!<br>Jag och en kollega var p\u00e5 din f\u00f6rel\u00e4sning i Malm\u00f6 f\u00f6r ett tag sen om sekretess och tystnadsplikt. Jag har en liten fr\u00e5ga som kanske du kunde svara p\u00e5, eller i alla fall kanske v\u00e4gleda oss lite i.<\/p>\n\n\n\n<p>Nu inf\u00f6r stundande Luciafirande s\u00e5 skickade v\u00e5r rektor ut f\u00f6ljande mail: &#8220;Observera att det \u00e4r totalt foto- och filmningsf\u00f6rbud under Luciaframtr\u00e4dandet p\u00e5 grund av en ny lag.&#8221; Lite klumpigt skrivit med tanke p\u00e5 att hen inte refererade till vilken lag hen t\u00e4nker p\u00e5. Hade kanske inte varit n\u00e5got problem om det nu inte var s\u00e5 att en f\u00f6r\u00e4lder kommit med starka motargument.<\/p>\n\n\n\n<p>Han h\u00e4vdar sin r\u00e4tt enligt EU- lagar och som privatperson att fotografera. Att han k\u00e4nner sig kr\u00e4nkt p\u00e5 grund av att han inte kan ut\u00f6va sin st\u00f6rsta hobby, fotografering. Att vi tar bort hans r\u00e4tt att fotografera sitt barns luciafirande. N\u00e4r vi enligt lag p\u00e5pekar fotof\u00f6rbud, anser han att vi kriminaliserar ett handlande att utf\u00f6ra sin r\u00e4tt att uttrycka sig i foto och film.<\/p>\n\n\n\n<p>I g\u00e5r n\u00e4r jag pratade med mannen i fr\u00e5ga fick jag k\u00e4nslan av att om vi inte \u00e4ndrade v\u00e5rt beslut skulle han driva detta vidare r\u00e4ttsligt.<\/p>\n\n\n\n<p>Vi ans\u00e5g att det var det b\u00e4sta beslut vi kunde ta med tanke p\u00e5 att vi har tre barn med skyddad identitet och tre andra barn som \u00e4r adopterade fr\u00e5n annat land. Deras f\u00f6r\u00e4ldrar har skrivit p\u00e5 papper att deras barn inte f\u00e5r finnas med p\u00e5 publika bilder.<\/p>\n\n\n\n<p>Hur kan vi g\u00e5 till v\u00e4ga? Finns det n\u00e5gon lag vi kan st\u00f6dja v\u00e5rt beslut p\u00e5? Jag kan l\u00e4gga till att avslutningen ska ske i en kyrka som ju \u00e4r en allm\u00e4n plats.<\/p>\n\n\n\n<p>Med v\u00e4nliga h\u00e4lsningar<br>A<\/p>\n\n\n\n<hr class=\"wp-block-separator has-alpha-channel-opacity\"\/>\n\n\n\n<p>Svar:<\/p>\n\n\n\n<p><strong>(Svaret uppdaterat 2020-03-10)<\/strong><\/p>\n\n\n\n<p>Hej A och tack f\u00f6r en aktuell fr\u00e5ga,<\/p>\n\n\n\n<p>F\u00f6r det f\u00f6rsta: En f\u00f6rskola eller skola \u00e4r ingen allm\u00e4n plats. Det inneb\u00e4r att dess ledning kan best\u00e4mma regler f\u00f6r om eller hur fotografering och filmning f\u00e5r ske d\u00e4r, n\u00e4r undervisning bedrivs eller i alla andra sammanhang i skolans lokaler eller andra utrymmen.<\/p>\n\n\n\n<p>N\u00e5gon ny lag som f\u00f6rbjudet privatpersoner att fotografera finns inte, s\u00e5 vitt jag vet. F\u00f6r \u00f6vrigt omfattas inte privatpersoner av den nya GDPR-Dataskyddsf\u00f6rordningen. Det rektor skrev \u00e4r allts\u00e5 inte korrekt.&nbsp;<\/p>\n\n\n\n<p>F\u00f6r det andra: Luciafirandet sker hos er i en kyrka. Det \u00e4r sant att kyrkan ses som en allm\u00e4n plats. Men min bed\u00f6mning \u00e4r att restriktioner om fotografering kan st\u00e4llas upp n\u00e4r som i detta fall en skola hyr eller utan kostnad l\u00e5nar en kyrkolokal f\u00f6r ett evenemang&nbsp;&nbsp;i skolans regi. D\u00e5 kan kyrkan s\u00e5som hyrd\/l\u00e5nad ses som en lokal som f\u00f6r tillf\u00e4llet disponeras av skolan. Fotograferings- och filmningsf\u00f6rbud b\u00f6r d\u00e5 vara m\u00f6jligt att besluta om. Skulle f\u00f6r\u00e4ldern vilja f\u00e5 denna fr\u00e5ga pr\u00f6vad av Skolinspektionen eller JO b\u00f6r ni tacka och ta emot- varje s\u00e5dan pr\u00f6vning \u00e4r v\u00e4rdefull f\u00f6r att klarg\u00f6ra lagstiftningen.<\/p>\n\n\n\n<p>Jag kan till\u00e4gga att det&nbsp; nuf\u00f6rtiden \u00e4r relativt vanligt att man i skolor och f\u00f6rskolor beslutar om fotograferings- och\/eller filmningsf\u00f6rbud. Du pekar i din fr\u00e5ga p\u00e5 ett mycket starkt sk\u00e4l f\u00f6r ett s\u00e5dant beslut; att tre barn har skyddade uppgifter via myndighetsbeslut och att f\u00f6r\u00e4ldrar till tre andra barn har uttryckt \u00f6nskem\u00e5l om att barnen inte f\u00e5r finnas med p\u00e5 publika bilder. Jag gissar att det dock kan vara sv\u00e5rt att s\u00e4kert \u00f6vervaka att fotografering\/filmning inte sker i en kyrkolokal med m\u00e5nga bes\u00f6kare. Det \u00e4r en sak som de sex ber\u00f6rda barnens f\u00f6r\u00e4ldrar m\u00e5ste beakta innan&nbsp; de best\u00e4mmer sig f\u00f6r att l\u00e5ta barnen vara med vid luciafirandet.<\/p>\n\n\n\n<p>Det \u00e4r sv\u00e5rt att i ett meddelande till f\u00f6r\u00e4ldrar vara helt tydlig och \u00f6ppen med orsaker till att de inte ska f\u00e5 filma\/fotografera. Rimligen borde de acceptera det beslut som har fattats och f\u00f6rst\u00e5 att bakomliggande orsaker kan finnas. Men den acceptansen f\u00f6rsv\u00e5ras nog i viss m\u00e5n av att rektor gav en fyrkantig och rimligen felaktig f\u00f6rklaring till f\u00f6rbudet.<\/p>\n\n\n\n<p>H\u00e4lsningar och fint Luciafirande i kyrkan \u00f6nskar<br>Staffan<\/p>\n","protected":false},"excerpt":{"rendered":"<p>Fr\u00e5ga: Hej!Jag och en kollega var p\u00e5 din f\u00f6rel\u00e4sning i Malm\u00f6 f\u00f6r ett tag sen om sekretess och tystnadsplikt. Jag har en liten fr\u00e5ga som kanske du kunde svara p\u00e5, eller i alla fall kanske v\u00e4gleda oss lite i. Nu inf\u00f6r stundande Luciafirande s\u00e5 skickade v\u00e5r rektor ut f\u00f6ljande mail: &#8220;Observera att det \u00e4r totalt [&hellip;]<\/p>\n","protected":false},"featured_media":0,"template":"","tags":[],"experts":[10],"class_list":["post-15148","expertsvar_foraldrar","type-expertsvar_foraldrar","status-publish","hentry","experts-staffan-olsson"],"acf":[],"_links":{"self":[{"href":"https:\/\/www.elevhalsan.se\/vardnadshavare\/wp-json\/wp\/v2\/expertsvar_foraldrar\/15148","targetHints":{"allow":["GET"]}}],"collection":[{"href":"https:\/\/www.elevhalsan.se\/vardnadshavare\/wp-json\/wp\/v2\/expertsvar_foraldrar"}],"about":[{"href":"https:\/\/www.elevhalsan.se\/vardnadshavare\/wp-json\/wp\/v2\/types\/expertsvar_foraldrar"}],"wp:attachment":[{"href":"https:\/\/www.elevhalsan.se\/vardnadshavare\/wp-json\/wp\/v2\/media?parent=15148"}],"wp:term":[{"taxonomy":"post_tag","embeddable":true,"href":"https:\/\/www.elevhalsan.se\/vardnadshavare\/wp-json\/wp\/v2\/tags?post=15148"},{"taxonomy":"experts","embeddable":true,"href":"https:\/\/www.elevhalsan.se\/vardnadshavare\/wp-json\/wp\/v2\/experts?post=15148"}],"curies":[{"name":"wp","href":"https:\/\/api.w.org\/{rel}","templated":true}]}}