{"id":16738,"date":"2024-02-07T10:15:17","date_gmt":"2024-02-07T09:15:17","guid":{"rendered":"https:\/\/www.elevhalsan.se\/vardnadshavare2\/?post_type=expertsvar_foraldrar&#038;p=16738"},"modified":"2024-02-07T10:15:17","modified_gmt":"2024-02-07T09:15:17","slug":"en-anstalld-har-krankt-mitt-barn-kan-jag-fa-lasa-utredningen","status":"publish","type":"expertsvar_foraldrar","link":"https:\/\/www.elevhalsan.se\/vardnadshavare\/expertsvar-foraldrar\/en-anstalld-har-krankt-mitt-barn-kan-jag-fa-lasa-utredningen\/","title":{"rendered":"En anst\u00e4lld har kr\u00e4nkt mitt barn- kan jag f\u00e5 l\u00e4sa utredningen?"},"content":{"rendered":"\n<p><strong>Fr\u00e5ga:<\/strong><\/p>\n\n\n\n<p>Hej,<\/p>\n\n\n\n<p>Rektorn p\u00e5 f\u00f6rskolan gjorde en anm\u00e4lan om kr\u00e4nkande behandling d\u00e5 det misst\u00e4nktes att v\u00e5r son blev kr\u00e4nkt av en pedagog p\u00e5 f\u00f6rskolan. Rektorn ringde oss och ber\u00e4ttade att utredningen visade p\u00e5 att v\u00e5r son blivit kr\u00e4nkt. Vi \u00f6nskade f\u00e5 ta del utav utredningen men f\u00e5r detta svaret tillbaka av rektorn:<\/p>\n\n\n\n<p><em>\u201dHej<br>Vi bed\u00f6mer att det \u00e4r sekretess enligt&nbsp;kap 23 \u00a7 1 OSL. D\u00e4rmed avsl\u00e5s din beg\u00e4ran om att f\u00e5 ta del av inneh\u00e5llet i den utredning om kr\u00e4nkande behandling som har gjorts. I utredningen har huvudmannens ansvar granskats f\u00f6r att beivra och i framtiden f\u00f6rebygga kr\u00e4nkningar av liknande slag hos oss. Ingen myndighetsut\u00f6vning mot enskild har \u00f6verv\u00e4gts gentemot n\u00e5gon av de i utredningen behandlade personerna. Vi bed\u00f6mer d\u00e4rf\u00f6r att ingen r\u00e4tt till partsinsyn finns utan att skolsekretessen g\u00e4ller.\u201d<\/em><\/p>\n\n\n\n<p>\u00c4r det rimligt att vi som v\u00e5rdnadshavare inte f\u00e5r lov att ta del av utredningen som g\u00e4ller kr\u00e4nkning av v\u00e5r son av pedagog?<\/p>\n\n\n\n<p>TT<\/p>\n\n\n\n<p><strong>Svar:<\/strong><\/p>\n\n\n\n<p>Hej TT,<\/p>\n\n\n\n<p>Detta \u00e4r en juridiskt mycket sp\u00e4nnande fr\u00e5ga. I en utredning om kr\u00e4nkande behandling \u00e4r det&nbsp; f\u00f6rskolans\/skolans agerande som i f\u00f6rsta hand ska granskas, inte de inblandade barnens\/elevernas.&nbsp; Jag har dock varit kritisk till att uppgifter om&nbsp; inblandade&nbsp; barn\/elever efter \u00f6verklagande till domstol har l\u00e4mnats ut till v\u00e5rdnadshavare med h\u00e4nvisning till att det handlar om s.k.&nbsp;myndighetsut\u00f6vning, vilket ger en part r\u00e4tt till insyn trots att&nbsp; sekretess\/tystnadsplikt g\u00e4ller till skydd f\u00f6r de inblandade i kr\u00e4nkningen.&nbsp;<\/p>\n\n\n\n<p>N\u00e4r det h\u00e4r handlar om en anst\u00e4lld som s\u00e4gs ha kr\u00e4nkt ert barn blir bed\u00f6mningen enligt min uppfattning enklare. Jag kan inte se att rektor i detta fall kan hindra er fr\u00e5n att f\u00e5 ut denna utredning. Den sekretess som rektor h\u00e4nvisar till i OSL 23:1 skyddar endast barnet och dess n\u00e4rst\u00e5ende, inte personalen.Har det g\u00e5tt mer \u00e4n tre veckor sedan du fick del av&nbsp; avslagsbeslutet&nbsp; s\u00e5 ska du beg\u00e4ra ut utredningen p\u00e5 nytt. F\u00e5r du d\u00e5 ett avslag igen s\u00e5 ska du \u00f6verklaga detta till den&nbsp; kammarr\u00e4tt det g\u00e4ller i er region. Detta ska framg\u00e5 av den besv\u00e4rsh\u00e4nvisning f\u00f6rskolan ska bifoga sitt beslut. Du f\u00e5r g\u00e4rna kontakta mig innan \u00f6verklagandet g\u00f6rs s\u00e5 kan jag ge st\u00f6d i det skedet. Det \u00e4r av stor betydelse att en fr\u00e5ga som denna granskas i domstol.<\/p>\n\n\n\n<p>Jag bifogar en dom som handlar om en v\u00e5rdnadshavares&nbsp; beg\u00e4ran om att f\u00e5 ut en dom. Den domen g\u00e4ller kr\u00e4nkningar mellan elever i skolan.&nbsp;<\/p>\n\n\n\n<p><a href=\"https:\/\/www.elevhalsan.se\/vardnadshavare\/wp-content\/uploads\/2024\/02\/SKM_C650i24020709000.pdf\">H\u00e4r hittar du domen!<\/a><\/p>\n\n\n\n<p>H\u00e4lsningar Staffan<\/p>\n","protected":false},"excerpt":{"rendered":"<p>Fr\u00e5ga: Hej, Rektorn p\u00e5 f\u00f6rskolan gjorde en anm\u00e4lan om kr\u00e4nkande behandling d\u00e5 det misst\u00e4nktes att v\u00e5r son blev kr\u00e4nkt av en pedagog p\u00e5 f\u00f6rskolan. Rektorn ringde oss och ber\u00e4ttade att utredningen visade p\u00e5 att v\u00e5r son blivit kr\u00e4nkt. Vi \u00f6nskade f\u00e5 ta del utav utredningen men f\u00e5r detta svaret tillbaka av rektorn: \u201dHejVi bed\u00f6mer att [&hellip;]<\/p>\n","protected":false},"featured_media":0,"template":"","tags":[130,46],"experts":[10],"class_list":["post-16738","expertsvar_foraldrar","type-expertsvar_foraldrar","status-publish","hentry","tag-dokumentation","tag-sekretess","experts-staffan-olsson"],"acf":[],"_links":{"self":[{"href":"https:\/\/www.elevhalsan.se\/vardnadshavare\/wp-json\/wp\/v2\/expertsvar_foraldrar\/16738","targetHints":{"allow":["GET"]}}],"collection":[{"href":"https:\/\/www.elevhalsan.se\/vardnadshavare\/wp-json\/wp\/v2\/expertsvar_foraldrar"}],"about":[{"href":"https:\/\/www.elevhalsan.se\/vardnadshavare\/wp-json\/wp\/v2\/types\/expertsvar_foraldrar"}],"wp:attachment":[{"href":"https:\/\/www.elevhalsan.se\/vardnadshavare\/wp-json\/wp\/v2\/media?parent=16738"}],"wp:term":[{"taxonomy":"post_tag","embeddable":true,"href":"https:\/\/www.elevhalsan.se\/vardnadshavare\/wp-json\/wp\/v2\/tags?post=16738"},{"taxonomy":"experts","embeddable":true,"href":"https:\/\/www.elevhalsan.se\/vardnadshavare\/wp-json\/wp\/v2\/experts?post=16738"}],"curies":[{"name":"wp","href":"https:\/\/api.w.org\/{rel}","templated":true}]}}