{"id":19164,"date":"2024-04-22T12:38:28","date_gmt":"2024-04-22T10:38:28","guid":{"rendered":"https:\/\/www.elevhalsan.se\/vardnadshavare\/?post_type=expertsvar_foraldrar&#038;p=19164"},"modified":"2024-04-22T12:38:29","modified_gmt":"2024-04-22T10:38:29","slug":"ska-jag-som-mormor-lagga-mig-i","status":"publish","type":"expertsvar_foraldrar","link":"https:\/\/www.elevhalsan.se\/vardnadshavare\/expertsvar-foraldrar\/ska-jag-som-mormor-lagga-mig-i\/","title":{"rendered":"Ska jag som mormor l\u00e4gga mig i?"},"content":{"rendered":"\n<p><strong>Fr\u00e5ga<\/strong><\/p>\n\n\n\n<p>Hej,<\/p>\n\n\n\n<p>Jag har ett barnbarn p\u00e5 14 \u00e5r som haft oskyddat sex. Nu ska hon till barnmorskan f\u00f6r att bli unders\u00f6kt f\u00f6r eventuell graviditet. Ingen f\u00f6r\u00e4lder \u00e4r med henne dit utan bara hennes 12 \u00e5riga lillasyster. L\u00e4gger jag mig i om jag g\u00e5r dit och m\u00f6ter upp dem? Kan ju ha m\u00e5nga fr\u00e5gor efter\u00e5t eller \u00e4r jag bara fjantig? F\u00f6r\u00e4ldrarna jobbar!<\/p>\n\n\n\n<p>Orolig besv\u00e4rlig mormor<\/p>\n\n\n\n<p><strong>Svar:<\/strong><\/p>\n\n\n\n<p>Hej du besv\u00e4rliga mormor.<\/p>\n\n\n\n<p>Innan jag besvarar din fr\u00e5ga om huruvida du b\u00f6r g\u00e5 dit och m\u00f6ta upp vill jag&nbsp;s\u00e4ga att jag \u00e4r mycket f\u00f6rv\u00e5nad \u00f6ver att ingen av f\u00f6r\u00e4ldrarna f\u00f6ljer med sitt barn i den situation du beskriver. \u00c4ven om flickan inte vill ha n\u00e5gon av sina f\u00f6r\u00e4ldrar med \u2013 om detta vet jag inget- s\u00e5 ska n\u00e5gon av dem insistera p\u00e5 att f\u00f6lja med sitt barn och ta ledigt fr\u00e5n arbetet. Att dessutom l\u00e5ta en lillasyster vara med i f\u00f6r\u00e4ldrars st\u00e4lle \u00e4r helt omd\u00f6mesl\u00f6st. Hela situationen \u00e4r obegriplig f\u00f6r mig och jag bed\u00f6mer att en anm\u00e4lan ska g\u00f6ras till socialn\u00e4mnden eftersom det finns en risk f\u00f6r att flickan inte ges det st\u00f6d hon verkligen beh\u00f6ver av sina&nbsp;v\u00e5rdnadshavare.<\/p>\n\n\n\n<p>S\u00e5 till mitt svar om vad du b\u00f6r g\u00f6ra som mormor. Det rimliga \u00e4r att du fr\u00e5gar flickans f\u00f6r\u00e4ldrar om du f\u00e5r f\u00f6lja med henne till barnmorskan i deras st\u00e4lle. Om er relation \u00e4r s\u00e5dan att de inte vill det ska du avst\u00e5. Fr\u00e5gan \u00e4r f\u00f6rst\u00e5s ocks\u00e5 vad den ton\u00e5riga flickan vill.&nbsp;<\/p>\n\n\n\n<p>Har inte en anm\u00e4lan gjorts till socialn\u00e4mnden s\u00e5 b\u00f6r den g\u00f6ras. Det finns i nul\u00e4get en misstanke om att flickan far illa, b\u00e5de i sina sexuella handlingar men \u00e4nnu mer p\u00e5 grund av ett bristande st\u00f6d fr\u00e5n sina f\u00f6r\u00e4ldrar i en mycket sv\u00e5r situation .&nbsp;&nbsp;<\/p>\n\n\n\n<p>H\u00e4lsningar fr\u00e5n Staffan&nbsp;<\/p>\n","protected":false},"excerpt":{"rendered":"<p>Fr\u00e5ga Hej, Jag har ett barnbarn p\u00e5 14 \u00e5r som haft oskyddat sex. Nu ska hon till barnmorskan f\u00f6r att bli unders\u00f6kt f\u00f6r eventuell graviditet. Ingen f\u00f6r\u00e4lder \u00e4r med henne dit utan bara hennes 12 \u00e5riga lillasyster. L\u00e4gger jag mig i om jag g\u00e5r dit och m\u00f6ter upp dem? Kan ju ha m\u00e5nga fr\u00e5gor efter\u00e5t [&hellip;]<\/p>\n","protected":false},"featured_media":0,"template":"","tags":[130,46],"experts":[10],"class_list":["post-19164","expertsvar_foraldrar","type-expertsvar_foraldrar","status-publish","hentry","tag-dokumentation","tag-sekretess","experts-staffan-olsson"],"acf":[],"_links":{"self":[{"href":"https:\/\/www.elevhalsan.se\/vardnadshavare\/wp-json\/wp\/v2\/expertsvar_foraldrar\/19164","targetHints":{"allow":["GET"]}}],"collection":[{"href":"https:\/\/www.elevhalsan.se\/vardnadshavare\/wp-json\/wp\/v2\/expertsvar_foraldrar"}],"about":[{"href":"https:\/\/www.elevhalsan.se\/vardnadshavare\/wp-json\/wp\/v2\/types\/expertsvar_foraldrar"}],"wp:attachment":[{"href":"https:\/\/www.elevhalsan.se\/vardnadshavare\/wp-json\/wp\/v2\/media?parent=19164"}],"wp:term":[{"taxonomy":"post_tag","embeddable":true,"href":"https:\/\/www.elevhalsan.se\/vardnadshavare\/wp-json\/wp\/v2\/tags?post=19164"},{"taxonomy":"experts","embeddable":true,"href":"https:\/\/www.elevhalsan.se\/vardnadshavare\/wp-json\/wp\/v2\/experts?post=19164"}],"curies":[{"name":"wp","href":"https:\/\/api.w.org\/{rel}","templated":true}]}}