{"id":19608,"date":"2024-09-25T10:52:24","date_gmt":"2024-09-25T08:52:24","guid":{"rendered":"https:\/\/www.elevhalsan.se\/vardnadshavare\/?post_type=expertsvar_foraldrar&#038;p=19608"},"modified":"2024-09-25T10:52:25","modified_gmt":"2024-09-25T08:52:25","slug":"vad-galler-vid-avstangning-av-en-elev-i-grundskolan","status":"publish","type":"expertsvar_foraldrar","link":"https:\/\/www.elevhalsan.se\/vardnadshavare\/expertsvar-foraldrar\/vad-galler-vid-avstangning-av-en-elev-i-grundskolan\/","title":{"rendered":"Vad g\u00e4ller vid avst\u00e4ngning av en elev i grundskolan?"},"content":{"rendered":"\n<p><strong>Fr\u00e5ga<\/strong><\/p>\n\n\n\n<p>Hej,<\/p>\n\n\n\n<p>Mitt barn blev nyligen avst\u00e4ngt fr\u00e5n skolan i fem dagar, och vi blev&nbsp; omg\u00e5ende&nbsp;informerade&nbsp;om att beslutet inte var m\u00f6jligt att \u00f6verklaga. Efter att ha l\u00e4st p\u00e5 mer om \u00e4mnet f\u00f6rst\u00e5r vi nu att det inte st\u00e4mmer och att beslutet faktiskt kan \u00f6verklagas. Jag skulle uppskatta f\u00f6rtydligande om f\u00f6ljande fr\u00e5gor:<\/p>\n\n\n\n<p>\u2013 Finns det n\u00e5gon mening med att \u00f6verklaga efter att avst\u00e4ngningen redan har genomf\u00f6rts? Skulle v\u00e5r position gentemot skolan f\u00f6r\u00e4ndras om vi fick r\u00e4tt i \u00f6verklagandet?<br>\u2013 Hur ska f\u00f6ljande tolkas: \u201dDomstolen kan besluta att det \u00f6verklagade beslutet inte ska g\u00e4lla tills vidare, vilket inneb\u00e4r att avst\u00e4ngningen inte tr\u00e4der i kraft omedelbart utan f\u00f6rst efter att \u00e4rendet avgjorts i f\u00f6rvaltningsr\u00e4tten.\u201d Betyder detta att mitt barn kan forts\u00e4tta att g\u00e5 i skolan under avst\u00e4ngning tills \u00e4rendet har avgjorts?<br>\u2013 Skolan har erbjudit kompensation f\u00f6r de dagar mitt barn missat under h\u00f6stlovet. Rektorn p\u00e5st\u00e5r nu att om vi inte accepterar detta erbjudande p\u00e5 grund av en semesterresa, \u00e4r de inte skyldiga att erbjuda kompensation vid andra tillf\u00e4llen. \u00c4r det korrekt?<\/p>\n\n\n\n<p>Tack f\u00f6r hj\u00e4lp!<\/p>\n\n\n\n<p>Med v\u00e4nliga h\u00e4lsningar,<br>\/M<\/p>\n\n\n\n<p><strong>Svar:<\/strong><\/p>\n\n\n\n<p>Jag f\u00f6ruts\u00e4tter att din fr\u00e5ga g\u00e4ller en elev i grundskolan. D\u00e4r kan en avst\u00e4ngning av rektor g\u00f6ras en vecka i taget men som mest tv\u00e5 veckor under en termin.&nbsp;<\/p>\n\n\n\n<p>Rektorn f\u00e5r inte delegera ett beslut om avst\u00e4ngning till n\u00e5gon annan.&nbsp;Innan rektorn beslutar om avst\u00e4ngning ska eleven och elevens v\u00e5rdnadshavare f\u00e5 m\u00f6jlighet att yttra sig. Rektorn ska informera huvudmannen om beslutet. Om eleven \u00e4r under 18 \u00e5r ska \u00e4ven socialn\u00e4mnden informeras.<\/p>\n\n\n\n<p>Beslutet ska dokumenteras skriftligt och g\u00e4ller omedelbart om rektorn inte beslutar n\u00e5got annat.&nbsp;Beslutet kan \u00f6verklagas. Och, som du skriver,&nbsp;&nbsp;domstolen f\u00e5r best\u00e4mma att det \u00f6verklagade beslutet tills vidare inte ska g\u00e4lla, det vill s\u00e4ga att avst\u00e4ngningen inte ska g\u00e4lla omedelbart utan f\u00f6rst efter att m\u00e5let har avgjorts i f\u00f6rvaltningsr\u00e4tten.Best\u00e4mmelserna om avst\u00e4ngning via rektorsbeslut och \u00f6verklagande&nbsp; i de obligatoriska skolformerna finns i skollagens&nbsp;5 kapitel, paragraferna 14-16 och 24 samt i 28 kapitel&nbsp;9 paragraf.&nbsp;&nbsp;&nbsp;F\u00f6r att domstolen ska kunna ta st\u00e4llning till inhibition (dvs att avst\u00e4ngningsbeslutet inte ska g\u00e4lla omedelbart) fordras att \u00f6verklagandet g\u00f6rs genast och helst dagarna innan beslutet verkst\u00e4lls i skolan.<\/p>\n\n\n\n<p>Just d\u00e4rf\u00f6r \u00e4r kontakten med och informationen till elev och v\u00e5rdnadshavare viktig&nbsp;inf\u00f6r ett avst\u00e4ngningsbeslut. Barnet kan dock omedelbart st\u00e4ngas av. Det \u00e4r f\u00f6rst n\u00e4r f\u00f6rvaltningsr\u00e4tten sagt att beslutet ska inhiberas som eleven har r\u00e4tt att \u00e5terg\u00e5 i undervisning. Vid avst\u00e4ngning i gymnasieskolan kan den best\u00e4mmelsen ha st\u00f6rre betydelse, eftersom en elev d\u00e4r kan st\u00e4ngas av som l\u00e4ngst i tre terminer plus innevarande termin.&nbsp;Det finns alltid en mening med att \u00f6verklaga.<\/p>\n\n\n\n<p>F\u00f6rvaltningsr\u00e4tten kan till exempel finna att beslutet var olagligt och att andra \u00e5tg\u00e4rder \u00e4n avst\u00e4ngning hade varit l\u00e4mpliga. Det kan \u00e4ven finnas brister i kommunikationen eller att m\u00f6jligheten att \u00f6verklaga inte framgick av beslutet. Detta kan vara till st\u00f6d f\u00f6r er i framtiden men \u00e4ven f\u00f6r andra elever och deras v\u00e5rdnadshavare i hela landet.<\/p>\n\n\n\n<p>Av best\u00e4mmelsen i skollagen 5 kapitel 14 paragraf, st.&nbsp;3, framg\u00e5r att&nbsp; eleven som st\u00e4ngs av i efterhand ska erbjudas kompensation f\u00f6r den undervisning som han eller hon g\u00e5tt miste om p\u00e5 grund av avst\u00e4ngningen. I f\u00f6rarbetena till den best\u00e4mmelsen s\u00e4gs att&nbsp;eleven kan kompenseras genom att&nbsp; till exempel distansundervisning ges eller att en l\u00e4rare vid n\u00e5gra tillf\u00e4llen kommer hem till eleven.&nbsp;Skolan \u00e4r skyldig att i samverkan med elev&nbsp;och v\u00e5rdnadshavare finna l\u00f6sningar f\u00f6r detta och h\u00e4nsyn ska tas till familjef\u00f6rh\u00e5llanden som kan p\u00e5verka tiden f\u00f6r kompensation. Den beh\u00f6ver allts\u00e5 inte ligga i direkt anslutning till elevens \u00e5terkomst till skolan efter avst\u00e4ngningen.&nbsp;<\/p>\n\n\n\n<p>H\u00e4lsningar Staffan<\/p>\n","protected":false},"excerpt":{"rendered":"<p>Fr\u00e5ga Hej, Mitt barn blev nyligen avst\u00e4ngt fr\u00e5n skolan i fem dagar, och vi blev&nbsp; omg\u00e5ende&nbsp;informerade&nbsp;om att beslutet inte var m\u00f6jligt att \u00f6verklaga. Efter att ha l\u00e4st p\u00e5 mer om \u00e4mnet f\u00f6rst\u00e5r vi nu att det inte st\u00e4mmer och att beslutet faktiskt kan \u00f6verklagas. Jag skulle uppskatta f\u00f6rtydligande om f\u00f6ljande fr\u00e5gor: \u2013 Finns det n\u00e5gon [&hellip;]<\/p>\n","protected":false},"featured_media":0,"template":"","tags":[130,46],"experts":[10],"class_list":["post-19608","expertsvar_foraldrar","type-expertsvar_foraldrar","status-publish","hentry","tag-dokumentation","tag-sekretess","experts-staffan-olsson"],"acf":[],"_links":{"self":[{"href":"https:\/\/www.elevhalsan.se\/vardnadshavare\/wp-json\/wp\/v2\/expertsvar_foraldrar\/19608","targetHints":{"allow":["GET"]}}],"collection":[{"href":"https:\/\/www.elevhalsan.se\/vardnadshavare\/wp-json\/wp\/v2\/expertsvar_foraldrar"}],"about":[{"href":"https:\/\/www.elevhalsan.se\/vardnadshavare\/wp-json\/wp\/v2\/types\/expertsvar_foraldrar"}],"wp:attachment":[{"href":"https:\/\/www.elevhalsan.se\/vardnadshavare\/wp-json\/wp\/v2\/media?parent=19608"}],"wp:term":[{"taxonomy":"post_tag","embeddable":true,"href":"https:\/\/www.elevhalsan.se\/vardnadshavare\/wp-json\/wp\/v2\/tags?post=19608"},{"taxonomy":"experts","embeddable":true,"href":"https:\/\/www.elevhalsan.se\/vardnadshavare\/wp-json\/wp\/v2\/experts?post=19608"}],"curies":[{"name":"wp","href":"https:\/\/api.w.org\/{rel}","templated":true}]}}