{"id":19680,"date":"2024-11-15T07:56:46","date_gmt":"2024-11-15T06:56:46","guid":{"rendered":"https:\/\/www.elevhalsan.se\/vardnadshavare\/?post_type=expertsvar_foraldrar&#038;p=19680"},"modified":"2024-11-15T07:56:46","modified_gmt":"2024-11-15T06:56:46","slug":"foljer-min-sons-journal-med-fran-friskolan-till-en-kommunal","status":"publish","type":"expertsvar_foraldrar","link":"https:\/\/www.elevhalsan.se\/vardnadshavare\/expertsvar-foraldrar\/foljer-min-sons-journal-med-fran-friskolan-till-en-kommunal\/","title":{"rendered":"F\u00f6ljer min sons journal med fr\u00e5n friskolan till en kommunal?"},"content":{"rendered":"\n<p><strong>Fr\u00e5ga<\/strong><\/p>\n\n\n\n<p>Hej,<br>Jag vill byta skola fr\u00e5n frist\u00e5ende&nbsp;till kommunal&nbsp;f\u00f6r&nbsp;mitt barn n\u00e4r&nbsp;han b\u00f6rjar i fyran. Hur blir det med \u00f6verf\u00f6ringen av journaler fr\u00e5n skolsystern? F\u00e5r man s\u00e4nda \u00f6ver journaler utan samtycke? Vad h\u00e4nder om jag inte vill att journalen f\u00f6rs \u00f6ver till nya skolan? Och vad h\u00e4nder i s\u00e5dana fall med mitt barns journal , blir den kvar i den gamla skolan eller f\u00e5r jag ta den sj\u00e4lv?<\/p>\n\n\n\n<p>E, f\u00f6r\u00e4lder<\/p>\n\n\n\n<p><strong>Svar:<\/strong><\/p>\n\n\n\n<p>Hej E och f\u00f6r\u00e4lder,<br>det g\u00e4ller sekretess mellan en friskola och en kommunal skola. Ska journalen f\u00f6ras \u00f6ver till den kommunala skolan s\u00e5 beh\u00f6vs ett samtycke fr\u00e5n v\u00e5rdnadshavarna.&nbsp;Hade han bytt fr\u00e5n en skola i en kommun till en annan skola i samma kommun s\u00e5 hade inget samtycke beh\u00f6vts.&nbsp;Den journal som finns stannar kvar i den tidigare skolan. En patientjournal kan inte \u00f6vertas av en patient eller dennes v\u00e5rdnadshavare. I den kommunala skolan ska nu en ny journal uppr\u00e4ttas f\u00f6r din son.&nbsp;<\/p>\n\n\n\n<p>H\u00e4lsningar<\/p>\n\n\n\n<p>Staffan&nbsp;<\/p>\n\n\n\n<p>H\u00e4lsning<br>Staffan<\/p>\n","protected":false},"excerpt":{"rendered":"<p>Fr\u00e5ga Hej,Jag vill byta skola fr\u00e5n frist\u00e5ende&nbsp;till kommunal&nbsp;f\u00f6r&nbsp;mitt barn n\u00e4r&nbsp;han b\u00f6rjar i fyran. Hur blir det med \u00f6verf\u00f6ringen av journaler fr\u00e5n skolsystern? F\u00e5r man s\u00e4nda \u00f6ver journaler utan samtycke? Vad h\u00e4nder om jag inte vill att journalen f\u00f6rs \u00f6ver till nya skolan? Och vad h\u00e4nder i s\u00e5dana fall med mitt barns journal , blir den [&hellip;]<\/p>\n","protected":false},"featured_media":0,"template":"","tags":[130,46],"experts":[10],"class_list":["post-19680","expertsvar_foraldrar","type-expertsvar_foraldrar","status-publish","hentry","tag-dokumentation","tag-sekretess","experts-staffan-olsson"],"acf":[],"_links":{"self":[{"href":"https:\/\/www.elevhalsan.se\/vardnadshavare\/wp-json\/wp\/v2\/expertsvar_foraldrar\/19680","targetHints":{"allow":["GET"]}}],"collection":[{"href":"https:\/\/www.elevhalsan.se\/vardnadshavare\/wp-json\/wp\/v2\/expertsvar_foraldrar"}],"about":[{"href":"https:\/\/www.elevhalsan.se\/vardnadshavare\/wp-json\/wp\/v2\/types\/expertsvar_foraldrar"}],"wp:attachment":[{"href":"https:\/\/www.elevhalsan.se\/vardnadshavare\/wp-json\/wp\/v2\/media?parent=19680"}],"wp:term":[{"taxonomy":"post_tag","embeddable":true,"href":"https:\/\/www.elevhalsan.se\/vardnadshavare\/wp-json\/wp\/v2\/tags?post=19680"},{"taxonomy":"experts","embeddable":true,"href":"https:\/\/www.elevhalsan.se\/vardnadshavare\/wp-json\/wp\/v2\/experts?post=19680"}],"curies":[{"name":"wp","href":"https:\/\/api.w.org\/{rel}","templated":true}]}}