{"id":19961,"date":"2025-04-08T19:00:51","date_gmt":"2025-04-08T17:00:51","guid":{"rendered":"https:\/\/www.elevhalsan.se\/vardnadshavare\/?post_type=expertsvar_foraldrar&#038;p=19961"},"modified":"2025-04-08T19:11:54","modified_gmt":"2025-04-08T17:11:54","slug":"barnet-lvu-at-vilken-ratt-har-vardnadshavarna","status":"publish","type":"expertsvar_foraldrar","link":"https:\/\/www.elevhalsan.se\/vardnadshavare\/expertsvar-foraldrar\/barnet-lvu-at-vilken-ratt-har-vardnadshavarna\/","title":{"rendered":"Barnet LVU-at, vilken r\u00e4tt har v\u00e5rdnadshavarna?"},"content":{"rendered":"\n<p><strong>Fr\u00e5ga<\/strong><\/p>\n\n\n\n<p>Hej,<\/p>\n\n\n\n<p>Jag arbetar som rektor p\u00e5 en grundskola. En elev i \u00e5k 4 \u00e4r placerad i familjehem med st\u00f6d av LVU. Barnet har varit placerat i familjehem sedan skolstart. Det finns ocks\u00e5 ett beslut om umg\u00e4ngesbegr\u00e4nsning. Nu vill mamma ha en kopia p\u00e5 elevakt och skolh\u00e4lsojournal. Finns det n\u00e5got som hindrar att l\u00e4mna ut den direkt till mamma som \u00e4r v\u00e5rdnadshavare? En menpr\u00f6vning m\u00e5ste s\u00e5 klart genomf\u00f6ras, men ska socialtj\u00e4nsten vara behj\u00e4lplig i att g\u00f6ra menpr\u00f6vningen? Jag t\u00e4nker att de har mer kunskap om vad som faktiskt kan leda till men f\u00f6r eleven. V\u00e5rdnadshavare har ingen kontakt med eleven, eventuellt \u00f6vervakat telefonumg\u00e4nge. Jag funderar p\u00e5 OSL 12:3 och kan t\u00e4nka p\u00e5 att v\u00e5rdnadshavare i detta fall inte beh\u00f6ver uppgifter f\u00f6r att fullg\u00f6ra sin plikt enligt f\u00f6r\u00e4ldrabalken. Som sagt, jag beh\u00f6ver lite st\u00f6d i detta.<\/p>\n\n\n\n<p>H\u00e4lsningar fr\u00e5n I, bitr\u00e4dande rektor<\/p>\n\n\n\n<p><strong>Svar:<\/strong><\/p>\n\n\n\n<p>Hej och tack f\u00f6r din fr\u00e5ga,<\/p>\n\n\n\n<p>N\u00e4r barnet \u00e4r placerat enligt lagen med s\u00e4rskilda best\u00e4mmelser om v\u00e5rd av unga (LVU) \u00f6verg\u00e5r ansvaret f\u00f6r den dagliga v\u00e5rdnaden fr\u00e5n v\u00e5rdnadshavare till socialn\u00e4mnd. I det exempel du n\u00e4mner \u00e4r det rimligt att ni i skolan har ett samtal med socialtj\u00e4nstens personliga och klarg\u00f6r vilka uppgifter som finns i elevakten och skolh\u00e4lsojournalen. D\u00e5 kan man bed\u00f6ma om denna information p\u00e5 n\u00e5got s\u00e4tt skulle kunna vara menligt f\u00f6r barnet. V\u00e5rdnadshavarnas r\u00e4tt att beg\u00e4ra ut sitt barns dokument kvarst\u00e5r under omh\u00e4ndertagandet men utifr\u00e5n omst\u00e4ndigheterna m\u00e5ste fr\u00e5gan om att f\u00e5 ut dokumenten pr\u00f6vas \u00e4nnu.<\/p>\n\n\n\n<p>Ta allts\u00e5 en ordentlig diskussion med socialtj\u00e4nsten om detta och avg\u00f6r sedan om v\u00e5rdnadshavarnas beg\u00e4ran ska avsl\u00e5s eller inte. I normalfallet g\u00e4ller ju som huvudregel sekretess f\u00f6r ett barn gentemot v\u00e5rdnadshavarna n\u00e4r dessa inte beh\u00f6ver uppgifter om barnet f\u00f6r att fullg\u00f6ra sina skyldigheter enligt f\u00f6r\u00e4ldrabalken (OSL 12:3). Men n\u00e4r en allm\u00e4n handling beg\u00e4rs ut \u00f6ka v\u00e5rdnadshavarnas r\u00e4tt. Dock kan hinder finnas&nbsp;utifr\u00e5n omst\u00e4ndigheterna i ett enskilt fall.<\/p>\n\n\n\n<p>Avsl\u00e5r ni beg\u00e4ran om att f\u00e5 ut dessa dokument ska ni motivera beslutet samt ge besv\u00e4rsh\u00e4nvisning,&nbsp;dvs&nbsp;ange inom vilken tid \u00f6verklagandet ska ske, vilket hovr\u00e4tt \u00f6verklagandet ska st\u00e4llas till samt att \u00f6verklagandet ska skickas till er. P\u00e5 s\u00e5 vis kan ni ta st\u00e4llning till om ett beslut ska \u00e4ndras eller om ni bara ska s\u00e4nda \u00f6verklagandet vidare till hovr\u00e4tten.<\/p>\n\n\n\n<p>H\u00e4lsningar<\/p>\n\n\n\n<p>Staffan<\/p>\n","protected":false},"excerpt":{"rendered":"<p>Fr\u00e5ga Hej, Jag arbetar som rektor p\u00e5 en grundskola. En elev i \u00e5k 4 \u00e4r placerad i familjehem med st\u00f6d av LVU. Barnet har varit placerat i familjehem sedan skolstart. Det finns ocks\u00e5 ett beslut om umg\u00e4ngesbegr\u00e4nsning. Nu vill mamma ha en kopia p\u00e5 elevakt och skolh\u00e4lsojournal. Finns det n\u00e5got som hindrar att l\u00e4mna ut [&hellip;]<\/p>\n","protected":false},"featured_media":0,"template":"","tags":[130,46],"experts":[10],"class_list":["post-19961","expertsvar_foraldrar","type-expertsvar_foraldrar","status-publish","hentry","tag-dokumentation","tag-sekretess","experts-staffan-olsson"],"acf":[],"_links":{"self":[{"href":"https:\/\/www.elevhalsan.se\/vardnadshavare\/wp-json\/wp\/v2\/expertsvar_foraldrar\/19961","targetHints":{"allow":["GET"]}}],"collection":[{"href":"https:\/\/www.elevhalsan.se\/vardnadshavare\/wp-json\/wp\/v2\/expertsvar_foraldrar"}],"about":[{"href":"https:\/\/www.elevhalsan.se\/vardnadshavare\/wp-json\/wp\/v2\/types\/expertsvar_foraldrar"}],"wp:attachment":[{"href":"https:\/\/www.elevhalsan.se\/vardnadshavare\/wp-json\/wp\/v2\/media?parent=19961"}],"wp:term":[{"taxonomy":"post_tag","embeddable":true,"href":"https:\/\/www.elevhalsan.se\/vardnadshavare\/wp-json\/wp\/v2\/tags?post=19961"},{"taxonomy":"experts","embeddable":true,"href":"https:\/\/www.elevhalsan.se\/vardnadshavare\/wp-json\/wp\/v2\/experts?post=19961"}],"curies":[{"name":"wp","href":"https:\/\/api.w.org\/{rel}","templated":true}]}}