{"id":19965,"date":"2025-04-28T15:45:15","date_gmt":"2025-04-28T13:45:15","guid":{"rendered":"https:\/\/www.elevhalsan.se\/vardnadshavare\/?post_type=expertsvar_foraldrar&#038;p=19965"},"modified":"2025-04-28T15:45:16","modified_gmt":"2025-04-28T13:45:16","slug":"ska-barn-eller-vardnadshavare-informeras-forst","status":"publish","type":"expertsvar_foraldrar","link":"https:\/\/www.elevhalsan.se\/vardnadshavare\/expertsvar-foraldrar\/ska-barn-eller-vardnadshavare-informeras-forst\/","title":{"rendered":"Ska barn eller v\u00e5rdnadshavare informeras f\u00f6rst?"},"content":{"rendered":"\n<p><strong>Fr\u00e5ga<\/strong>:<\/p>\n\n\n\n<p>Hej Staffan,<\/p>\n\n\n\n<p>Jag har en 7 \u00e5rig son som g\u00e5r i f\u00f6rskoleklass i en liten byskola. Idag n\u00e4r jag kommer hem fr\u00e5n jobbet och m\u00f6ter min son f\u00e5r jag h\u00f6ra att skolkurator, rektor och skolchefen i kommunen har varit p\u00e5 skolan och informerat barnen om att kommunen beh\u00f6ver spara pengar. Detta inneb\u00e4r att ett sparf\u00f6rslag kommer att l\u00e4ggas p\u00e5 att \u00e4ndra skolan&nbsp; fr\u00e5n F6 till en F2- skola.<\/p>\n\n\n\n<p>Barnen fick information om hur det \u00e4r att g\u00e5 i en skola cirka 60 km hemifr\u00e5n\u00a0ist\u00e4llet och efter informationen fick barnen svar p\u00e5 fr\u00e5gor genom att h\u00e5lla upp r\u00f6d, gul eller gr\u00f6n flagga. Svaren ska sammanst\u00e4llas och anv\u00e4ndas i konsekvensanalysen som l\u00e4mnas in tillsammans med sparf\u00f6rslaget. Allt detta har gjorts utan n\u00e5gon som helst information till oss v\u00e5rdnadshavare. \u00c4r detta ens lagligt och jag tycker det \u00e4r magstarkt fr\u00e5n skolans sida att ta dessa diskussioner med barnen innan jag som v\u00e5rdnadshavare har f\u00e5tt information.<\/p>\n\n\n\n<p>E<\/p>\n\n\n\n<p><strong>Svar:<\/strong><\/p>\n\n\n\n<p>Hej E,<\/p>\n\n\n\n<p>Det h\u00e4r \u00e4r en mycket ovanlig h\u00e4ndelse som jag \u00e4r starkt kritisk till. Det \u00e4r inte rimligt att skolpersonal efterfr\u00e5gar sm\u00e5 barns uppfattning i en s\u00e5 k\u00e4nslig och politisk fr\u00e5ga som en eventuell flytt av elever till en annan skola p\u00e5 en ort, l\u00e5ngt ifr\u00e5n den tidigare skolan. Det \u00e4r sj\u00e4lvklart att barnens v\u00e5rdnadshavare\/f\u00f6r\u00e4ldrar ska informeras f\u00f6rst om planerna och att de d\u00e4refter ska ta st\u00e4llning till om deras barn alls ska f\u00e5 tillfr\u00e5gas om en eventuell flytt.<\/p>\n\n\n\n<p>Inte ens Skolinspektionen kan hur som helst st\u00e4lla fr\u00e5gor till barn\/elever vid ett tillsynsbes\u00f6k idag s\u00e5&nbsp; d\u00e4r finns nu f\u00f6rslag om att \u00e4ndra den best\u00e4mmelsen.Barn i dessa l\u00e5ga \u00e5ldrar \u00e4r inte mogna att f\u00f6rst\u00e5 vad en fr\u00e5ga som denna p\u00e5 djupet handlar om. De ser inte konsekvenser och kan l\u00e4tt via det s\u00e4tt som fr\u00e5gor st\u00e4lls p\u00e5 bli p\u00e5verkade att svara p\u00e5 ett visst s\u00e4tt.<\/p>\n\n\n\n<p>Jag hoppas att skolpersonalens utfr\u00e5gning av barnen har uppm\u00e4rksammats i er kommun, av politiker och kanske \u00e4ven av massmedierna. Har det g\u00e5tt till p\u00e5 det s\u00e4tt som du E skriver s\u00e5 \u00e4r det v\u00e4rt en skarp kritik.<\/p>\n\n\n\n<p>Jag \u00e4r \u00f6vertygad om att \u00e4ven Justitieombudsmannen skulle vara kritisk ifall fr\u00e5gan hamnar d\u00e4r f\u00f6r beslut.<\/p>\n\n\n\n<p>H\u00e4lsningar Staffan<\/p>\n","protected":false},"excerpt":{"rendered":"<p>Fr\u00e5ga: Hej Staffan, Jag har en 7 \u00e5rig son som g\u00e5r i f\u00f6rskoleklass i en liten byskola. Idag n\u00e4r jag kommer hem fr\u00e5n jobbet och m\u00f6ter min son f\u00e5r jag h\u00f6ra att skolkurator, rektor och skolchefen i kommunen har varit p\u00e5 skolan och informerat barnen om att kommunen beh\u00f6ver spara pengar. Detta inneb\u00e4r att ett [&hellip;]<\/p>\n","protected":false},"featured_media":0,"template":"","tags":[130,46],"experts":[10],"class_list":["post-19965","expertsvar_foraldrar","type-expertsvar_foraldrar","status-publish","hentry","tag-dokumentation","tag-sekretess","experts-staffan-olsson"],"acf":[],"_links":{"self":[{"href":"https:\/\/www.elevhalsan.se\/vardnadshavare\/wp-json\/wp\/v2\/expertsvar_foraldrar\/19965","targetHints":{"allow":["GET"]}}],"collection":[{"href":"https:\/\/www.elevhalsan.se\/vardnadshavare\/wp-json\/wp\/v2\/expertsvar_foraldrar"}],"about":[{"href":"https:\/\/www.elevhalsan.se\/vardnadshavare\/wp-json\/wp\/v2\/types\/expertsvar_foraldrar"}],"wp:attachment":[{"href":"https:\/\/www.elevhalsan.se\/vardnadshavare\/wp-json\/wp\/v2\/media?parent=19965"}],"wp:term":[{"taxonomy":"post_tag","embeddable":true,"href":"https:\/\/www.elevhalsan.se\/vardnadshavare\/wp-json\/wp\/v2\/tags?post=19965"},{"taxonomy":"experts","embeddable":true,"href":"https:\/\/www.elevhalsan.se\/vardnadshavare\/wp-json\/wp\/v2\/experts?post=19965"}],"curies":[{"name":"wp","href":"https:\/\/api.w.org\/{rel}","templated":true}]}}