{"id":19998,"date":"2025-05-20T20:06:00","date_gmt":"2025-05-20T18:06:00","guid":{"rendered":"https:\/\/www.elevhalsan.se\/vardnadshavare\/?post_type=expertsvar_foraldrar&#038;p=19998"},"modified":"2025-05-20T20:06:01","modified_gmt":"2025-05-20T18:06:01","slug":"skolan-beviljar-inte-sonen-tidigare-skolstart-hur-gor-vi-nu","status":"publish","type":"expertsvar_foraldrar","link":"https:\/\/www.elevhalsan.se\/vardnadshavare\/expertsvar-foraldrar\/skolan-beviljar-inte-sonen-tidigare-skolstart-hur-gor-vi-nu\/","title":{"rendered":"Skolan beviljar inte sonen tidigare skolstart. Hur g\u00f6r vi nu?"},"content":{"rendered":"\n<p><strong>Fr\u00e5ga:<\/strong><\/p>\n\n\n\n<p>Hej Pia!<\/p>\n\n\n\n<p>Efter samtal med f\u00f6rskolel\u00e4rare och en l\u00e4kare fick vi r\u00e5d att ans\u00f6ka om tidigare skolplacering f\u00f6r min son som fyller 5 nu i april. Efter ett m\u00f6te med f\u00f6rskolel\u00e4rare bed\u00f6mer skolan utan att tr\u00e4ffa oss att det blir b\u00e4st f\u00f6r honom att stanna p\u00e5 f\u00f6rskolan ett \u00e5r till. Han l\u00e4ser p\u00e5 tre olika spr\u00e5k, \u00e4lskar matte och siffror och vill konstant l\u00e4ra sig nya saker. Jag anser att ett \u00e5r till p\u00e5 f\u00f6rskolan med yngre barn inte gynnar honom alls. Skolan anser att han kommer g\u00f6ra samma saker i f\u00f6rskoleklass som de g\u00f6r p\u00e5 f\u00f6rskolan.<\/p>\n\n\n\n<p>Vem kan hj\u00e4lpa min son att f\u00e5 r\u00e4tt st\u00f6d och m\u00f6jlighet att utvecklas i son takt?<\/p>\n\n\n\n<p>MVH E<\/p>\n\n\n\n<hr class=\"wp-block-separator has-alpha-channel-opacity\"\/>\n\n\n\n<p>Svar:<\/p>\n\n\n\n<p><strong>Hej E!<\/strong><\/p>\n\n\n\n<p>Tack f\u00f6r din fr\u00e5ga. Jag f\u00f6rst\u00e5r att du vill ge din son b\u00e4sta t\u00e4nkbara f\u00f6ruts\u00e4ttningar att utvecklas i sin takt, och det \u00e4r ju inte mer \u00e4n r\u00e4tt. Sen \u00e4r ju kn\u00e4ckfr\u00e5gan som alltid var och hur det b\u00e4st sker.<\/p>\n\n\n\n<p>Enligt skollagen (7 kap. 10 \u00a7) finns det m\u00f6jlighet att b\u00f6rja i f\u00f6rskoleklass ett \u00e5r tidigare, det vill s\u00e4ga det kalender\u00e5r barnet fyller fem \u00e5r. Det \u00e4r inte en r\u00e4ttighet, men om det bed\u00f6ms vara det b\u00e4sta f\u00f6r det enskilda barnet s\u00e5 kan det beviljas. Det \u00e4r d\u00e4remot kommunen som fattar det formella beslutet om tidigare skolstart, s\u00e5 egentligen ska ans\u00f6kan om det l\u00e4mnas in till huvudmannen.<\/p>\n\n\n\n<p>Det \u00e4r vanligt att man utg\u00e5r ifr\u00e5n f\u00f6rskolans bed\u00f6mning i sin pr\u00f6vning, men det \u00e4r inte sj\u00e4lvklart att det ska ske utan kontakt med v\u00e5rdnadshavare. En m\u00f6jlighet \u00e4r att ni beg\u00e4r att beslutet om sonens skolstart ompr\u00f6vas och att ni som f\u00f6r\u00e4ldrar ocks\u00e5 f\u00e5r komma till tals i processen. En skriftlig beg\u00e4ran om det ska i s\u00e5 fall skickas till kommunen (utbildningsf\u00f6rvaltningen eller motsvarande).<\/p>\n\n\n\n<p>Men: i ert fall l\u00e5ter det som att f\u00f6rskolan ser samma f\u00f6rm\u00e5gor och behov av stimulans som ni g\u00f6r d\u00e4r hemma, och f\u00f6r att \u00e5terg\u00e5 till fr\u00e5gan om var och hur ett barn b\u00e4st utvecklas i sin takt s\u00e5 \u00e4r det inte ot\u00e4nkbart att det b\u00e4sta f\u00f6r er son nu \u00e4r att ni l\u00e5ter en f\u00f6rhoppningsvis medveten f\u00f6rskola anpassa sin verksamhet efter hans behov och utvecklingstakt \u00e4ven under n\u00e4sta l\u00e4s\u00e5r, varefter ni beg\u00e4r att skolstarten sker i \u00e5k 1 i st\u00e4llet f\u00f6r i f\u00f6rskoleklass.<\/p>\n\n\n\n<p>\u00c4ven inom ramen f\u00f6r f\u00f6rskolans verksamhet finns det gott om m\u00f6jligheter att l\u00e5ta barn utvecklas i sin takt. F\u00f6rutsatt att dialogen mellan f\u00f6rskoll\u00e4rarna och er v\u00e5rdnadshavare \u00e4r god och \u00f6msesidigt utforskande s\u00e5 blir det berikande \u00e4ven f\u00f6r f\u00f6rskolan att l\u00e5ta er sons nyfikenhet visa v\u00e4gen.<\/p>\n\n\n\n<p>Varmt lycka till!<\/p>\n\n\n\n<p>Pia<\/p>\n","protected":false},"excerpt":{"rendered":"<p>Fr\u00e5ga: Hej Pia! Efter samtal med f\u00f6rskolel\u00e4rare och en l\u00e4kare fick vi r\u00e5d att ans\u00f6ka om tidigare skolplacering f\u00f6r min son som fyller 5 nu i april. Efter ett m\u00f6te med f\u00f6rskolel\u00e4rare bed\u00f6mer skolan utan att tr\u00e4ffa oss att det blir b\u00e4st f\u00f6r honom att stanna p\u00e5 f\u00f6rskolan ett \u00e5r till. Han l\u00e4ser p\u00e5 tre [&hellip;]<\/p>\n","protected":false},"featured_media":0,"template":"","tags":[47],"experts":[204],"class_list":["post-19998","expertsvar_foraldrar","type-expertsvar_foraldrar","status-publish","hentry","tag-extra-anpassningar-sarskilt-stod-och-atgardsprogram-gudrun-lowendahl-bjorkman","experts-pia-rehn"],"acf":[],"_links":{"self":[{"href":"https:\/\/www.elevhalsan.se\/vardnadshavare\/wp-json\/wp\/v2\/expertsvar_foraldrar\/19998","targetHints":{"allow":["GET"]}}],"collection":[{"href":"https:\/\/www.elevhalsan.se\/vardnadshavare\/wp-json\/wp\/v2\/expertsvar_foraldrar"}],"about":[{"href":"https:\/\/www.elevhalsan.se\/vardnadshavare\/wp-json\/wp\/v2\/types\/expertsvar_foraldrar"}],"wp:attachment":[{"href":"https:\/\/www.elevhalsan.se\/vardnadshavare\/wp-json\/wp\/v2\/media?parent=19998"}],"wp:term":[{"taxonomy":"post_tag","embeddable":true,"href":"https:\/\/www.elevhalsan.se\/vardnadshavare\/wp-json\/wp\/v2\/tags?post=19998"},{"taxonomy":"experts","embeddable":true,"href":"https:\/\/www.elevhalsan.se\/vardnadshavare\/wp-json\/wp\/v2\/experts?post=19998"}],"curies":[{"name":"wp","href":"https:\/\/api.w.org\/{rel}","templated":true}]}}