{"id":20149,"date":"2025-08-12T10:23:09","date_gmt":"2025-08-12T08:23:09","guid":{"rendered":"https:\/\/www.elevhalsan.se\/vardnadshavare\/?post_type=expertsvar_foraldrar&#038;p=20149"},"modified":"2025-08-12T10:23:10","modified_gmt":"2025-08-12T08:23:10","slug":"hur-far-jag-insyn-i-min-skoldokumentation-efter-manga-ar","status":"publish","type":"expertsvar_foraldrar","link":"https:\/\/www.elevhalsan.se\/vardnadshavare\/expertsvar-foraldrar\/hur-far-jag-insyn-i-min-skoldokumentation-efter-manga-ar\/","title":{"rendered":"Hur f\u00e5r jag insyn i min skoldokumentation efter m\u00e5nga \u00e5r?"},"content":{"rendered":"\n<p><strong>Fr\u00e5ga<\/strong><\/p>\n\n\n\n<p>Hej!<\/p>\n\n\n\n<p>Jag \u00e4r en 19-\u00e5rig tjej som pluggar p\u00e5 universitet. Har s\u00e5ledes ingen elevh\u00e4lsa i samma m\u00e5n som i grundskola eller gymnasium, och st\u00e4ller d\u00e4rf\u00f6r er denna fr\u00e5ga i hopp om hj\u00e4lp.N\u00e4r jag var ca 10 \u00e5r gjorde jag en utredning av s\u00e4rskild beg\u00e5vning genom skolan. Jag minns inte s\u00e5 mycket av den, d\u00e5 den m\u00e5lades upp som \u201dextralektioner\u201d med skolpsykologen och ibland n\u00e5gon till. Utredningen ledde till en s\u00e4rbeg\u00e5vningsdiagnos. Detta var den f\u00f6rsta av tre grundskolor jag g\u00e5tt p\u00e5.<\/p>\n\n\n\n<p>St\u00f6rre delen av min skolg\u00e5ng har p\u00e5verkats av denna diagnos och jag har slussats runt mellan kurser, klasser och \u00e5rskullar. Allt detta utan att egentligen veta n\u00e5gonting om utredningen, beslutet eller ens diagnosen i \u00f6vrigt. Jag skulle d\u00e4rf\u00f6r v\u00e4ldigt g\u00e4rna vilja l\u00e4sa n\u00e5gon form av journalf\u00f6ring eller dokumentation kring detta, f\u00f6r det m\u00e5ste v\u00e4l finnas?<\/p>\n\n\n\n<p>Hur g\u00e5r jag tillv\u00e4ga? Kan man g\u00f6ra det online, beh\u00f6ver jag upps\u00f6ka skolan i fr\u00e5ga eller finns det n\u00e5got mellanting?<\/p>\n\n\n\n<p>Tack p\u00e5 f\u00f6rhand &amp; trevlig helg! \ud83d\ude42<br>J<\/p>\n\n\n\n<p><strong>Svar:<\/strong><\/p>\n\n\n\n<p>Hej J,<\/p>\n\n\n\n<p>Jag f\u00f6rst\u00e5r att du s\u00f6ker efter den information som p\u00e5verkat din skolg\u00e5ng s\u00e5 m\u00e4rkbart.&nbsp;Du vet ju vilka skolor det handlar om, kommunala eller friskolor. Den dokumentation som g\u00e4ller h\u00e4lso- och sjukv\u00e5rd finns med all s\u00e4kerhet kvar. Visserligen kan \u00e4ven patientjournaler gallras, \u00e4ven om de i de flesta fall bevaras f\u00f6r framtiden. Gallringstiden&nbsp;\u00e4r dock 10 \u00e5r efter det att den senaste anteckningen gjordes i journalen s\u00e5 den tiden har inte passerat \u00e4n. Patientjournal finns b\u00e5de hos skolsk\u00f6terska, skoll\u00e4kare och skolpsykolog.&nbsp;<\/p>\n\n\n\n<p>Ut\u00f6ver dessa uppgifter kan dokumentation om dig finnas inom \u00f6vrig elevh\u00e4lsa, t.ex. hos skolkurator. Men n\u00e5gra enkla klick b\u00f6r man hos varje skolhuvudman kunna hitta de uppgifter som finns om dig vid skolan. Finns den inte s\u00e5 kan den ha arkiverats vid stadsarkivet eller ha gallrats, ifall den inte \u00e4r journaldokumentation. Vet inte om det finns en elevakt om dig bevarad p\u00e5 skolorna eller vid stadsarkivet men den kan inneh\u00e5lla n\u00e5got av v\u00e4rde f\u00f6r dig s\u00e5 den ska du l\u00e4sa.&nbsp;<\/p>\n\n\n\n<p>Mitt r\u00e5d \u00e4r att du tar muntlig kontakt med dina skolor och ber\u00e4ttar vilken information du efterfr\u00e5gar. D\u00e5 kan du ocks\u00e5 f\u00e5 veta om dokumentation kan finnas p\u00e5 annat h\u00e5ll. Du har med st\u00f6d av tryckfrihetsf\u00f6rordningen r\u00e4tt att fr\u00e5n en skolmyndighet f\u00e5 kopior p\u00e5 din dokumentation skickad&nbsp;mot viss kostnad ifall den \u00e4r omfattande eller p\u00e5 plats kunna l\u00e4sa den. Den r\u00e4tten finns inte fr\u00e5n en friskola men inget hindrar dem att l\u00e4mna ut den till dig. Med st\u00f6d av GDPR har du ocks\u00e5 r\u00e4tt att f\u00e5 veta vad som finns personregistrerat&nbsp;om dig vid en skolmyndighet eller friskola.&nbsp;<\/p>\n\n\n\n<p>Kanske finns \u00e4ven information i regionen, ifall de varit inblandade i den unders\u00f6kning som resulterade i din s\u00e4rbeg\u00e5vningsdiagnos.&nbsp;Detta kan du i s\u00e5 fall h\u00f6ra med din region om genom att s\u00f6ka information om sjukv\u00e5rdskontakter vid viss tid i ditt liv, d.v.s. i 10-\u00e5rs\u00e5ldern.<\/p>\n\n\n\n<p>Lycka till i s\u00f6kandet efter v\u00e4rdefull information. H\u00f6r av dig igen ifall du st\u00f6ter p\u00e5 problem- Elevh\u00e4lsan har mina kontaktuppgifter.<\/p>\n\n\n\n<p>H\u00e4lsning<br>Staffan<\/p>\n","protected":false},"excerpt":{"rendered":"<p>Fr\u00e5ga Hej! Jag \u00e4r en 19-\u00e5rig tjej som pluggar p\u00e5 universitet. Har s\u00e5ledes ingen elevh\u00e4lsa i samma m\u00e5n som i grundskola eller gymnasium, och st\u00e4ller d\u00e4rf\u00f6r er denna fr\u00e5ga i hopp om hj\u00e4lp.N\u00e4r jag var ca 10 \u00e5r gjorde jag en utredning av s\u00e4rskild beg\u00e5vning genom skolan. Jag minns inte s\u00e5 mycket av den, d\u00e5 [&hellip;]<\/p>\n","protected":false},"featured_media":0,"template":"","tags":[130,46],"experts":[10],"class_list":["post-20149","expertsvar_foraldrar","type-expertsvar_foraldrar","status-publish","hentry","tag-dokumentation","tag-sekretess","experts-staffan-olsson"],"acf":[],"_links":{"self":[{"href":"https:\/\/www.elevhalsan.se\/vardnadshavare\/wp-json\/wp\/v2\/expertsvar_foraldrar\/20149","targetHints":{"allow":["GET"]}}],"collection":[{"href":"https:\/\/www.elevhalsan.se\/vardnadshavare\/wp-json\/wp\/v2\/expertsvar_foraldrar"}],"about":[{"href":"https:\/\/www.elevhalsan.se\/vardnadshavare\/wp-json\/wp\/v2\/types\/expertsvar_foraldrar"}],"wp:attachment":[{"href":"https:\/\/www.elevhalsan.se\/vardnadshavare\/wp-json\/wp\/v2\/media?parent=20149"}],"wp:term":[{"taxonomy":"post_tag","embeddable":true,"href":"https:\/\/www.elevhalsan.se\/vardnadshavare\/wp-json\/wp\/v2\/tags?post=20149"},{"taxonomy":"experts","embeddable":true,"href":"https:\/\/www.elevhalsan.se\/vardnadshavare\/wp-json\/wp\/v2\/experts?post=20149"}],"curies":[{"name":"wp","href":"https:\/\/api.w.org\/{rel}","templated":true}]}}