{"id":20174,"date":"2025-11-25T11:31:22","date_gmt":"2025-11-25T10:31:22","guid":{"rendered":"https:\/\/www.elevhalsan.se\/vardnadshavare\/?post_type=expertsvar_foraldrar&#038;p=20174"},"modified":"2025-11-25T11:31:23","modified_gmt":"2025-11-25T10:31:23","slug":"kan-nagon-annan-an-jag-som-vardnadshavare-skota-kontakten-med-skolan","status":"publish","type":"expertsvar_foraldrar","link":"https:\/\/www.elevhalsan.se\/vardnadshavare\/expertsvar-foraldrar\/kan-nagon-annan-an-jag-som-vardnadshavare-skota-kontakten-med-skolan\/","title":{"rendered":"Kan n\u00e5gon annan \u00e4n jag som v\u00e5rdnadshavare sk\u00f6ta kontakten med skolan?"},"content":{"rendered":"\n<p><strong>Fr\u00e5ga<\/strong><\/p>\n\n\n\n<p>Jag \u00e4r ensamst\u00e5ende pappa med ensam v\u00e5rdnad.<\/p>\n\n\n\n<p>Min fr\u00e5ga \u00e4r, hur g\u00f6r jag f\u00f6r att min sambo ska kunna hj\u00e4lpa mig med skolfr\u00e5gor?<\/p>\n\n\n\n<p>Kan jag skriva n\u00e5gon slags fullmakt, och var g\u00f6r jag det? Hon har haft barnen den st\u00f6rsta delen av deras liv, och \u00e4r det n\u00e4rmaste man kan kalla mamma. Jag skulle verkligen beh\u00f6va hj\u00e4lp d\u00e5 det ibland blir v\u00e4ldigt mycket att ta hand om sj\u00e4lv.<\/p>\n\n\n\n<p>PP<\/p>\n\n\n\n<p><strong>Svar:<\/strong><\/p>\n\n\n\n<p>Hej PP,<\/p>\n\n\n\n<p>Det finns en m\u00f6jlighet f\u00f6r v\u00e5rdnadshavare att l\u00e5ta n\u00e5gon annan i v\u00e5rdnadshavares st\u00e4lle\u00a0ta ansvar f\u00f6r ett barns skolg\u00e5ng. Som du skriver kan detta tydligg\u00f6ras via en fullmakt.\u00a0<\/p>\n\n\n\n<p>Fullmakten ger inte fullm\u00e4ktigen full r\u00e4tt att agera utan v\u00e5rdnadshavaren\/fullmaktsgivaren kan i viktiga situationer \u00e4nd\u00e5 beh\u00f6va kontaktas\/informeras av skolan. Jag skriver om detta i en ny upplaga av min bok \u201dSekretess och anm\u00e4lningsplikt i f\u00f6rskola och skola\u201d, Studentlitteratur, som utkommer nu i januari.<\/p>\n\n\n\n<p>D\u00e4r skriver jag:&nbsp;<\/p>\n\n\n\n<p><em>\u201d&nbsp; Ibland ges ett samtycke via ombud med fullmakt. Denna f\u00e5r vara muntlig men kan beg\u00e4ras skriftligt om det \u00e4r oklart vad fullmakten g\u00e4ller. En fullmakt beh\u00f6ver inte vara bevittnad. Den som f\u00e5r fullmakten ges r\u00e4tt att g\u00f6ra n\u00e5got f\u00f6r en annan persons r\u00e4kning. Advokater, journalister och f\u00f6rs\u00e4kringsbolag \u00e4r exempel p\u00e5 s\u00e5dana ombud som genom en fullmakt ibland har r\u00e4tt till de uppgifter som fullmakten omfattar. Men ombud f\u00f6rekommer \u00e4ven i skolans v\u00e4rld.\u201d<\/em><\/p>\n\n\n\n<p><strong>Exempel<\/strong><\/p>\n\n\n\n<p>Tv\u00e5 v\u00e5rdnadshavare anlitade ett ombud f\u00f6r att sk\u00f6ta kontakterna med skolan med anledning av dottern J:s skolsv\u00e5righeter. Skolan \u00f6nskade dock ha kontakt med v\u00e5rdnadshavarna direkt och inte via ombud.<\/p>\n\n\n\n<p>Av fullmakten som det kvinnliga ombudet l\u00e4mnade till skolan framgick bland annat att v\u00e5rdnadshavarnas vilja var att ombudet, f\u00f6r deras r\u00e4kning, skulle f\u00f6ra diskussioner om deras barns skol- och livssituation och de eventuella st\u00f6d- och behandlings\u00e5tg\u00e4rder som kunde erfordras s\u00e5v\u00e4l p\u00e5 kort som p\u00e5 l\u00e5ng sikt. Vidare sades i fullmakten att den<\/p>\n\n\n\n<p>\u201dg\u00e4ller f\u00f6r alla kontakter i \u00e4rendet som vi har eller kan komma att ha med statliga, privata, kommunala och landstingskommunala verksamheter. Hon [ombudet] har d\u00e4rvid r\u00e4tt att f\u00e5 och l\u00e4mna muntlig och skriftlig information, samt ta del av den dokumentation som finns ang\u00e5ende v\u00e5ra barn. Fullmakten g\u00e4ller tills vidare eller tills vi meddelar annat.\u201d<\/p>\n\n\n\n<p>JO fick detta \u00e4rende p\u00e5 sitt bord via en anm\u00e4lan och uttalade bland annat f\u00f6ljande:<\/p>\n\n\n\n<p>Den kontakt som makarna R., genom ombudet, tog med f\u00f6rvaltningen borde enligt min mening, mot bakgrund av vad fr\u00e5gan g\u00e4llde, ha hanterats inom ramen f\u00f6r ett \u00e4rende enligt f\u00f6rvaltningslagen. Makarna R. hade f\u00f6ljaktligen i princip r\u00e4tt att anlita ombud i saken. Det kan s\u00e5ledes konstateras att f\u00f6rvaltningens besked till ombudet och hanteringen i \u00f6vrigt inte var korrekt.<\/p>\n\n\n\n<p>Det f\u00f6rtj\u00e4nar samtidigt att p\u00e5pekas att r\u00e4tten att anlita ombud i ett \u00e4rende inte \u00e4r obegr\u00e4nsad. Ibland \u00e4r det n\u00f6dv\u00e4ndigt att den enskilde medverkar personligen och myndigheten kan d\u00e5, som n\u00e4mnts ovan, kr\u00e4va en s\u00e5dan medverkan. En myndighet m\u00e5ste i varje enskilt \u00e4rende ta st\u00e4llning till om och i s\u00e5 fall n\u00e4r under handl\u00e4ggningen v\u00e5rdnadshavarens personliga medverkan \u00e4r n\u00f6dv\u00e4ndig. Om myndigheten beg\u00e4r att v\u00e5rdnadshavaren medverkar personligen<s>,<\/s>&nbsp;kan ombudet n\u00e4rvara och medverka p\u00e5 samma s\u00e4tt som ett bitr\u00e4de. Om det inte finns grund f\u00f6r att med st\u00f6d av best\u00e4mmelsen i 9 \u00a7 andra stycket f\u00f6rvaltningslagen (numera 14 \u00a7 2 st. FL, min anm.) avvisa ombudet\/bitr\u00e4det kan en myndighet s\u00e5ledes inte hindra att den enskilde anlitar hj\u00e4lp f\u00f6r att f\u00f6ra sin talan. &nbsp;(JO 1859-2010).<\/p>\n\n\n\n<p>&nbsp;H\u00e4lsningar fr\u00e5n Staffan<\/p>\n","protected":false},"excerpt":{"rendered":"<p>Fr\u00e5ga Jag \u00e4r ensamst\u00e5ende pappa med ensam v\u00e5rdnad. Min fr\u00e5ga \u00e4r, hur g\u00f6r jag f\u00f6r att min sambo ska kunna hj\u00e4lpa mig med skolfr\u00e5gor? Kan jag skriva n\u00e5gon slags fullmakt, och var g\u00f6r jag det? Hon har haft barnen den st\u00f6rsta delen av deras liv, och \u00e4r det n\u00e4rmaste man kan kalla mamma. Jag skulle [&hellip;]<\/p>\n","protected":false},"featured_media":0,"template":"","tags":[130,46],"experts":[10],"class_list":["post-20174","expertsvar_foraldrar","type-expertsvar_foraldrar","status-publish","hentry","tag-dokumentation","tag-sekretess","experts-staffan-olsson"],"acf":[],"_links":{"self":[{"href":"https:\/\/www.elevhalsan.se\/vardnadshavare\/wp-json\/wp\/v2\/expertsvar_foraldrar\/20174","targetHints":{"allow":["GET"]}}],"collection":[{"href":"https:\/\/www.elevhalsan.se\/vardnadshavare\/wp-json\/wp\/v2\/expertsvar_foraldrar"}],"about":[{"href":"https:\/\/www.elevhalsan.se\/vardnadshavare\/wp-json\/wp\/v2\/types\/expertsvar_foraldrar"}],"wp:attachment":[{"href":"https:\/\/www.elevhalsan.se\/vardnadshavare\/wp-json\/wp\/v2\/media?parent=20174"}],"wp:term":[{"taxonomy":"post_tag","embeddable":true,"href":"https:\/\/www.elevhalsan.se\/vardnadshavare\/wp-json\/wp\/v2\/tags?post=20174"},{"taxonomy":"experts","embeddable":true,"href":"https:\/\/www.elevhalsan.se\/vardnadshavare\/wp-json\/wp\/v2\/experts?post=20174"}],"curies":[{"name":"wp","href":"https:\/\/api.w.org\/{rel}","templated":true}]}}